{"id":1294,"date":"2022-01-14T20:08:01","date_gmt":"2022-01-14T20:08:01","guid":{"rendered":"https:\/\/manuela-schwab.de\/?page_id=1294"},"modified":"2025-01-24T18:54:25","modified_gmt":"2025-01-24T18:54:25","slug":"behandlungspakete","status":"publish","type":"page","link":"https:\/\/manuela-schwab.de\/?page_id=1294","title":{"rendered":"Behandlungspakete"},"content":{"rendered":"<div class=\"wp-block-image is-style-rounded\">\n<figure class=\"aligncenter size-large is-resized\"><img decoding=\"async\" loading=\"lazy\" src=\"https:\/\/manuela-schwab.de\/wp-content\/uploads\/2022\/01\/Papa_Mateo-1024x768.jpg\" alt=\"\" class=\"wp-image-1300\" style=\"width:512px;height:384px\" width=\"512\" height=\"384\" srcset=\"https:\/\/manuela-schwab.de\/wp-content\/uploads\/2022\/01\/Papa_Mateo-1024x768.jpg 1024w, https:\/\/manuela-schwab.de\/wp-content\/uploads\/2022\/01\/Papa_Mateo-300x225.jpg 300w, https:\/\/manuela-schwab.de\/wp-content\/uploads\/2022\/01\/Papa_Mateo-768x576.jpg 768w, https:\/\/manuela-schwab.de\/wp-content\/uploads\/2022\/01\/Papa_Mateo-1536x1152.jpg 1536w, https:\/\/manuela-schwab.de\/wp-content\/uploads\/2022\/01\/Papa_Mateo-2048x1536.jpg 2048w, https:\/\/manuela-schwab.de\/wp-content\/uploads\/2022\/01\/Papa_Mateo-60x45.jpg 60w, https:\/\/manuela-schwab.de\/wp-content\/uploads\/2022\/01\/Papa_Mateo-980x735.jpg 980w, https:\/\/manuela-schwab.de\/wp-content\/uploads\/2022\/01\/Papa_Mateo-700x525.jpg 700w\" sizes=\"(max-width: 512px) 100vw, 512px\" \/><\/figure><\/div>\n\n<div class=\"wp-block-image is-style-default\">\n<figure class=\"aligncenter size-large is-resized\"><img decoding=\"async\" loading=\"lazy\" src=\"https:\/\/manuela-schwab.de\/wp-content\/uploads\/2022\/01\/Logo-KinFlex_Logo-basic-1024x584.jpg\" alt=\"\" class=\"wp-image-1297\" style=\"width:256px;height:146px\" width=\"256\" height=\"146\" srcset=\"https:\/\/manuela-schwab.de\/wp-content\/uploads\/2022\/01\/Logo-KinFlex_Logo-basic-1024x584.jpg 1024w, https:\/\/manuela-schwab.de\/wp-content\/uploads\/2022\/01\/Logo-KinFlex_Logo-basic-300x171.jpg 300w, https:\/\/manuela-schwab.de\/wp-content\/uploads\/2022\/01\/Logo-KinFlex_Logo-basic-768x438.jpg 768w, https:\/\/manuela-schwab.de\/wp-content\/uploads\/2022\/01\/Logo-KinFlex_Logo-basic-1536x876.jpg 1536w, https:\/\/manuela-schwab.de\/wp-content\/uploads\/2022\/01\/Logo-KinFlex_Logo-basic-2048x1168.jpg 2048w, https:\/\/manuela-schwab.de\/wp-content\/uploads\/2022\/01\/Logo-KinFlex_Logo-basic-60x34.jpg 60w, https:\/\/manuela-schwab.de\/wp-content\/uploads\/2022\/01\/Logo-KinFlex_Logo-basic-980x559.jpg 980w, https:\/\/manuela-schwab.de\/wp-content\/uploads\/2022\/01\/Logo-KinFlex_Logo-basic-700x399.jpg 700w\" sizes=\"(max-width: 256px) 100vw, 256px\" \/><\/figure><\/div>\n\n\n<p class=\"has-large-font-size\">Das KinFlex\u00ae Reflextherapie-Paket<\/p>\n\n\n\n<ul>\n<li>Ermittlung &amp; Bearbeitung der gestressten Fr\u00fchkindlichen Reflexen <\/li>\n\n\n\n<li>visuell-, auditiv- und kin\u00e4sthetischer Koordination<\/li>\n\n\n\n<li>Wahrnehmungs\u00fcbungen &amp; Tonus \u00c4quivalenz<\/li>\n\n\n\n<li>Telefonischer Support zwischen den Sitzungen (wenn ben\u00f6tigt)<\/li>\n\n\n\n<li>Abschlussgespr\u00e4ch<\/li>\n\n\n\n<li>Kontrolltermin nach 3-6 Monaten je nach ermitteltem Bedarf<\/li>\n\n\n\n<li>Bonus bei Reflextherapie von Kindern: Entstressung des Stress-Schutz- und Bonding-Reflexes eines Elternteils<\/li>\n<\/ul>\n\n\n\n<p class=\"has-medium-font-size\">799,- \u20ac inkl. MwSt.<\/p>\n\n\n\n<p><\/p>\n\n\n\n<p><\/p>\n\n\n\n<p><\/p>\n\n\n<div class=\"wp-block-image\">\n<figure class=\"aligncenter size-large is-resized\"><img decoding=\"async\" loading=\"lazy\" src=\"https:\/\/manuela-schwab.de\/wp-content\/uploads\/2022\/01\/Logo-V.E.N.U.S._V.E.N.U.S.-Kopie-1024x584.png\" alt=\"\" class=\"wp-image-1299\" style=\"width:256px;height:146px\" width=\"256\" height=\"146\" srcset=\"https:\/\/manuela-schwab.de\/wp-content\/uploads\/2022\/01\/Logo-V.E.N.U.S._V.E.N.U.S.-Kopie-1024x584.png 1024w, https:\/\/manuela-schwab.de\/wp-content\/uploads\/2022\/01\/Logo-V.E.N.U.S._V.E.N.U.S.-Kopie-300x171.png 300w, https:\/\/manuela-schwab.de\/wp-content\/uploads\/2022\/01\/Logo-V.E.N.U.S._V.E.N.U.S.-Kopie-768x438.png 768w, https:\/\/manuela-schwab.de\/wp-content\/uploads\/2022\/01\/Logo-V.E.N.U.S._V.E.N.U.S.-Kopie-1536x876.png 1536w, https:\/\/manuela-schwab.de\/wp-content\/uploads\/2022\/01\/Logo-V.E.N.U.S._V.E.N.U.S.-Kopie-2048x1168.png 2048w, https:\/\/manuela-schwab.de\/wp-content\/uploads\/2022\/01\/Logo-V.E.N.U.S._V.E.N.U.S.-Kopie-60x34.png 60w, https:\/\/manuela-schwab.de\/wp-content\/uploads\/2022\/01\/Logo-V.E.N.U.S._V.E.N.U.S.-Kopie-980x559.png 980w, https:\/\/manuela-schwab.de\/wp-content\/uploads\/2022\/01\/Logo-V.E.N.U.S._V.E.N.U.S.-Kopie-700x399.png 700w\" sizes=\"(max-width: 256px) 100vw, 256px\" \/><\/figure><\/div>\n\n\n<p class=\"has-large-font-size\">Das V.E.N.U.S.\u00aeZentrierungs-Paket<\/p>\n\n\n\n<p><\/p>\n\n\n\n<ul>\n<li>Informations- und Anamnesegespr\u00e4ch<\/li>\n\n\n\n<li>Bearbeitung von Lebensthemen im Zusammenhang mit der Reflexentwicklung an ihrem Ursprung<\/li>\n\n\n\n<li>Entstressung des K\u00f6rper-Energiesystems<\/li>\n\n\n\n<li>L\u00f6sen von emotionalen Blockaden und Neuorientierung <\/li>\n<\/ul>\n\n\n\n<p class=\"has-medium-font-size\">333,- \u20ac inkl. MwSt.<\/p>\n\n\n\n<div class=\"wp-block-group is-layout-flow wp-block-group-is-layout-flow\"><div class=\"wp-block-group__inner-container\"><\/div><\/div>\n\n\n\n<figure class=\"wp-block-gallery has-nested-images columns-3 wp-block-gallery-2 is-layout-flex wp-block-gallery-is-layout-flex\">\n<figure class=\"wp-block-image size-medium\"><img decoding=\"async\" loading=\"lazy\" width=\"300\" height=\"171\" data-id=\"1297\" src=\"https:\/\/manuela-schwab.de\/wp-content\/uploads\/2022\/01\/Logo-KinFlex_Logo-basic-300x171.jpg\" alt=\"\" class=\"wp-image-1297\" srcset=\"https:\/\/manuela-schwab.de\/wp-content\/uploads\/2022\/01\/Logo-KinFlex_Logo-basic-300x171.jpg 300w, https:\/\/manuela-schwab.de\/wp-content\/uploads\/2022\/01\/Logo-KinFlex_Logo-basic-1024x584.jpg 1024w, https:\/\/manuela-schwab.de\/wp-content\/uploads\/2022\/01\/Logo-KinFlex_Logo-basic-768x438.jpg 768w, https:\/\/manuela-schwab.de\/wp-content\/uploads\/2022\/01\/Logo-KinFlex_Logo-basic-1536x876.jpg 1536w, https:\/\/manuela-schwab.de\/wp-content\/uploads\/2022\/01\/Logo-KinFlex_Logo-basic-2048x1168.jpg 2048w, https:\/\/manuela-schwab.de\/wp-content\/uploads\/2022\/01\/Logo-KinFlex_Logo-basic-60x34.jpg 60w, https:\/\/manuela-schwab.de\/wp-content\/uploads\/2022\/01\/Logo-KinFlex_Logo-basic-980x559.jpg 980w, https:\/\/manuela-schwab.de\/wp-content\/uploads\/2022\/01\/Logo-KinFlex_Logo-basic-700x399.jpg 700w\" sizes=\"(max-width: 300px) 100vw, 300px\" \/><\/figure>\n\n\n\n<figure class=\"wp-block-image size-medium\"><img decoding=\"async\" loading=\"lazy\" width=\"300\" height=\"43\" data-id=\"1298\" src=\"https:\/\/manuela-schwab.de\/wp-content\/uploads\/2022\/01\/kinderleichterleben-300x43.png\" alt=\"\" class=\"wp-image-1298\" srcset=\"https:\/\/manuela-schwab.de\/wp-content\/uploads\/2022\/01\/kinderleichterleben-300x43.png 300w, https:\/\/manuela-schwab.de\/wp-content\/uploads\/2022\/01\/kinderleichterleben-1024x146.png 1024w, https:\/\/manuela-schwab.de\/wp-content\/uploads\/2022\/01\/kinderleichterleben-768x110.png 768w, https:\/\/manuela-schwab.de\/wp-content\/uploads\/2022\/01\/kinderleichterleben-60x9.png 60w, https:\/\/manuela-schwab.de\/wp-content\/uploads\/2022\/01\/kinderleichterleben-980x140.png 980w, https:\/\/manuela-schwab.de\/wp-content\/uploads\/2022\/01\/kinderleichterleben-700x100.png 700w, https:\/\/manuela-schwab.de\/wp-content\/uploads\/2022\/01\/kinderleichterleben.png 1311w\" sizes=\"(max-width: 300px) 100vw, 300px\" \/><\/figure>\n\n\n\n<figure class=\"wp-block-image size-medium\"><img decoding=\"async\" loading=\"lazy\" width=\"300\" height=\"171\" data-id=\"1299\" src=\"https:\/\/manuela-schwab.de\/wp-content\/uploads\/2022\/01\/Logo-V.E.N.U.S._V.E.N.U.S.-Kopie-300x171.png\" alt=\"\" class=\"wp-image-1299\" srcset=\"https:\/\/manuela-schwab.de\/wp-content\/uploads\/2022\/01\/Logo-V.E.N.U.S._V.E.N.U.S.-Kopie-300x171.png 300w, https:\/\/manuela-schwab.de\/wp-content\/uploads\/2022\/01\/Logo-V.E.N.U.S._V.E.N.U.S.-Kopie-1024x584.png 1024w, https:\/\/manuela-schwab.de\/wp-content\/uploads\/2022\/01\/Logo-V.E.N.U.S._V.E.N.U.S.-Kopie-768x438.png 768w, https:\/\/manuela-schwab.de\/wp-content\/uploads\/2022\/01\/Logo-V.E.N.U.S._V.E.N.U.S.-Kopie-1536x876.png 1536w, https:\/\/manuela-schwab.de\/wp-content\/uploads\/2022\/01\/Logo-V.E.N.U.S._V.E.N.U.S.-Kopie-2048x1168.png 2048w, https:\/\/manuela-schwab.de\/wp-content\/uploads\/2022\/01\/Logo-V.E.N.U.S._V.E.N.U.S.-Kopie-60x34.png 60w, https:\/\/manuela-schwab.de\/wp-content\/uploads\/2022\/01\/Logo-V.E.N.U.S._V.E.N.U.S.-Kopie-980x559.png 980w, https:\/\/manuela-schwab.de\/wp-content\/uploads\/2022\/01\/Logo-V.E.N.U.S._V.E.N.U.S.-Kopie-700x399.png 700w\" sizes=\"(max-width: 300px) 100vw, 300px\" \/><\/figure>\n<\/figure>\n\n\n\n<p class=\"has-large-font-size\">KinFlex\u00ae Reflextherapie- und Zentrierungs- Gesamtpaket <\/p>\n\n\n\n<p>Das Gesamtpaket beinhaltet die Leistungen der beiden Einzelpakete.<\/p>\n\n\n\n<p><\/p>\n\n\n\n<p class=\"has-medium-font-size\">1.111,- \u20ac inkl. MwSt.<\/p>\n\n\n\n<div class=\"wp-block-group is-layout-flow wp-block-group-is-layout-flow\"><div class=\"wp-block-group__inner-container\">\n<p><\/p>\n<\/div><\/div>\n\n\n\n<div class=\"wp-block-group is-layout-flow wp-block-group-is-layout-flow\"><div class=\"wp-block-group__inner-container\">\n<p><\/p>\n\n\n\n<p><\/p>\n\n\n\n<p><\/p>\n\n\n\n<h2 class=\"wp-block-heading\"> <\/h2>\n\n\n\n<p class=\"has-large-font-size\"><strong>Warum biete ich meine Leistungen im Paket an?<\/strong><\/p>\n\n\n\n<p>Ich habe viele Jahre mit anderen Methoden gearbeitet, um fr\u00fchkindliche Reflexe zu bearbeiten. Dabei dauerte es im Durchschnitt mindestens acht bis zw\u00f6lf Monate (wenn jeden Monat eine Sitzung erfolgte), um alle (damals vierzehn) fr\u00fchkindlichen Reflexe zu bearbeiten. Insgesamt kam neben dem zeitlichen Aufwand ein finanzieller Aufwand von durchschnittlich 1.000 Euro auf den Klienten (m\/w\/d) zu.<\/p>\n\n\n\n<p>Die KinFlex\u00ae-Reflextherapie ist weitaus mehr als eine Integration und hat viele Vorteile, wobei ich hier drei nennen m\u00f6chte:<\/p>\n\n\n\n<ol>\n<li><strong>deutlich weniger Sitzungen <\/strong><\/li>\n\n\n\n<li><strong>keine t\u00e4glichen \u00dcbungen zu Hause<\/strong> <strong>und<\/strong><\/li>\n\n\n\n<li><strong>ein (m\u00f6glicher) geringerer (Gesamt-) Preis.<\/strong><\/li>\n<\/ol>\n\n\n\n<p>F\u00fcr ein ganzheitliches und nachhaltiges Ergebnis ist es optimal, alle 19 fr\u00fchkindlichen Reflexe anschauen und entstressen zu lassen, die im Rahmen der KinFlex\u00ae Reflextherapie angeboten werden. Aus diesem Grund  finde ich es \u00fcbersichtlicher, planbarer und fairer, dieses auch im&nbsp;<strong>Paket<\/strong>&nbsp;anzubieten.<\/p>\n\n\n\n<p>Der Paketpreisist niedriger angesetzt als mindestens 1.000 Euro, obwohl mehr Reflexe entstresst werden und der zeitliche Aufwand f\u00fcr die Klient:innen geringer ist (was sonst in der Regel bzw. auf dem Markt zu einem (deutlich) h\u00f6heren Preis f\u00fchren w\u00fcrde). <\/p>\n\n\n\n<p>Ich habe die Vision, dass jeder die Chance hat, seine fr\u00fchkindliche Entwicklung zu harmonisieren &#8211; f\u00fcr mehr &#8222;kinderleichterleben&#8220;! Aus meiner pers\u00f6nlichen Erfahrung (bei mir selbst und meinen 4 Kindern) weiss ich genau, wie wertvoll dies f\u00fcr das gesamte Familiensystem ist.<\/p>\n\n\n\n<p>Da das Leben sehr individuell ist, biete ich auch individuelle L\u00f6sungen wie z.B. Familienpakte, Ratenzahlung oder F\u00f6rderm\u00f6glichkeiten an. <\/p>\n\n\n\n<p class=\"has-small-font-size\">Rechtliche Hinweise:<\/p>\n\n\n\n<p class=\"has-small-font-size\">ich arbeite als selbstst\u00e4ndige Trainerin \/ Therapeutin \/ Coach und nicht als Arzt oder Heilpraktiker.<\/p>\n\n\n\n<p class=\"has-small-font-size\">Die angebotenen Leistungen sind keine Behandlung im medizinischen oder naturheilkundlichen Sinn, sondern dienen ausschlie\u00dflich der Gesundheitsf\u00f6rderung, Pers\u00f6nlichkeitsentwicklung sowie der neuronalen Schulreife.<\/p>\n\n\n\n<p class=\"has-small-font-size\">Die Inanspruchnahme der angebotenen Leistungen ersetzt keinesfalls den Besuch \/ die Behandlung bei Arzt, Heilpraktiker und\/oder eingetragenen, medizinischen Therapeuten.<\/p>\n\n\n\n<p class=\"has-small-font-size\">Es werden keine Diagnosen gestellt, keine Heilungsversprechen gegeben, keine Medikamente verabreicht oder empfohlen, prim\u00e4r keine Leiden mit medizinischem Erfordernis behandelt.<\/p>\n\n\n\n<p class=\"has-small-font-size\">Zur Beachtung:<\/p>\n\n\n\n<p class=\"has-small-font-size\">F\u00fcr einen gesunden Menschen stellt die Reflextherapie sowie das Coaching kein Risiko dar. Bei vorliegenden Diagnosen ist eine R\u00fccksprache mit dem behandelnden Arzt erforderlich.<\/p>\n\n\n\n<p class=\"has-small-font-size\">Bitte Informieren Sie mich \u00fcber die gesundheitliche Situation, \u00e4rztliche, heilpraktikerische, psychologische, psychiatrische Behandlung &amp; Diagnose(n) sowie eine aktuelle Medikamenteneinnahme.<\/p>\n<\/div><\/div>\n","protected":false},"excerpt":{"rendered":"<p>Das KinFlex\u00ae Reflextherapie-Paket 799,- \u20ac inkl. MwSt. Das V.E.N.U.S.\u00aeZentrierungs-Paket 333,- \u20ac inkl. MwSt. KinFlex\u00ae Reflextherapie- und Zentrierungs- Gesamtpaket Das Gesamtpaket beinhaltet die Leistungen der beiden Einzelpakete. 1.111,- \u20ac inkl. MwSt&#8230;.<\/p>\n","protected":false},"author":1,"featured_media":0,"parent":0,"menu_order":0,"comment_status":"closed","ping_status":"closed","template":"","meta":{"footnotes":""},"_links":{"self":[{"href":"https:\/\/manuela-schwab.de\/index.php?rest_route=\/wp\/v2\/pages\/1294"}],"collection":[{"href":"https:\/\/manuela-schwab.de\/index.php?rest_route=\/wp\/v2\/pages"}],"about":[{"href":"https:\/\/manuela-schwab.de\/index.php?rest_route=\/wp\/v2\/types\/page"}],"author":[{"embeddable":true,"href":"https:\/\/manuela-schwab.de\/index.php?rest_route=\/wp\/v2\/users\/1"}],"replies":[{"embeddable":true,"href":"https:\/\/manuela-schwab.de\/index.php?rest_route=%2Fwp%2Fv2%2Fcomments&post=1294"}],"version-history":[{"count":14,"href":"https:\/\/manuela-schwab.de\/index.php?rest_route=\/wp\/v2\/pages\/1294\/revisions"}],"predecessor-version":[{"id":1626,"href":"https:\/\/manuela-schwab.de\/index.php?rest_route=\/wp\/v2\/pages\/1294\/revisions\/1626"}],"wp:attachment":[{"href":"https:\/\/manuela-schwab.de\/index.php?rest_route=%2Fwp%2Fv2%2Fmedia&parent=1294"}],"curies":[{"name":"wp","href":"https:\/\/api.w.org\/{rel}","templated":true}]}}